  {"id":9081,"date":"2018-08-13T17:10:50","date_gmt":"2018-08-13T21:10:50","guid":{"rendered":"https:\/\/www.un.org\/sustainabledevelopment\/fr\/?page_id=9081"},"modified":"2020-03-04T14:58:15","modified_gmt":"2020-03-04T19:58:15","slug":"youth","status":"publish","type":"page","link":"https:\/\/www.un.org\/sustainabledevelopment\/fr\/youth\/","title":{"rendered":"Jeunesse"},"content":{"rendered":"<p><div class=\"fusion-fullwidth fullwidth-box fusion-builder-row-1 nonhundred-percent-fullwidth non-hundred-percent-height-scrolling\" style=\"--awb-border-radius-top-left:0px;--awb-border-radius-top-right:0px;--awb-border-radius-bottom-right:0px;--awb-border-radius-bottom-left:0px;--awb-flex-wrap:wrap;\" ><div class=\"fusion-builder-row fusion-row\"><div class=\"fusion-layout-column fusion_builder_column fusion-builder-column-0 fusion_builder_column_1_1 1_1 fusion-one-full fusion-column-first fusion-column-last\" style=\"--awb-bg-size:cover;--awb-margin-bottom:0px;\"><div class=\"fusion-column-wrapper fusion-flex-column-wrapper-legacy\"><div class=\"fusion-text fusion-text-1\"><h2><strong>Les jeunes et les objectifs de d\u00e9veloppement durable<\/strong><\/h2>\n<p>Aujourd\u2019hui, il y a 1,8 milliard de personnes \u00e2g\u00e9es de 10 \u00e0 24 ans, soit la plus importante g\u00e9n\u00e9ration de jeunes de l\u2019histoire. Pr\u00e8s de 90 % d\u2019entre eux vivent dans les pays en d\u00e9veloppement, o\u00f9 ils repr\u00e9sentent une grande partie de la population. Leur nombre devrait augmenter entre 2015 et 2030, environ 1,9 milliard de jeunes devraient avoir 15 ans. Reli\u00e9s les uns aux autres comme jamais auparavant, les jeunes souhaitent contribuer et contribuent d\u00e9j\u00e0 \u00e0 la r\u00e9silience de leurs communaut\u00e9s, en proposant des solutions novatrices, en stimulant le progr\u00e8s social et en inspirant le changement politique. Ils sont aussi des agents de changement qui se mobilisent pour r\u00e9aliser les objectifs de d\u00e9veloppement durable afin d\u2019am\u00e9liorer la vie des gens et la sant\u00e9 de la plan\u00e8te.<\/p>\n<p>Les jeunes ont les comp\u00e9tences n\u00e9cessaires et ont les opportunit\u00e9s d&rsquo;\u00eatre une force motrice pour soutenir le d\u00e9veloppement et contribuer \u00e0 la paix et \u00e0 la s\u00e9curit\u00e9. Les organisations dirig\u00e9es par des jeunes doivent \u00eatre encourag\u00e9es et dot\u00e9es des moyens pour participer \u00e0 la traduction du Programme 2030 en politiques locales, nationales et r\u00e9gionales. Ils jouent un r\u00f4le important dans la mise en \u0153uvre, le suivi et l\u2019examen du programme ainsi que dans la responsabilisation des pouvoirs publics. Avec un engagement politique et des ressources ad\u00e9quates, les jeunes ont le potentiel de transformer le monde le plus efficacement possible en un monde meilleur pour tous.<br \/>\n<a href=\"https:\/\/www.un.org\/sustainabledevelopment\/wp-content\/uploads\/2018\/07\/Youth-1.png\"><img decoding=\"async\" class=\"lazyload circlefloat alignleft wp-image-50068 size-medium\" src=\"data:image\/svg+xml,%3Csvg%20xmlns%3D%27http%3A%2F%2Fwww.w3.org%2F2000%2Fsvg%27%20width%3D%27300%27%20height%3D%27300%27%20viewBox%3D%270%200%20300%20300%27%3E%3Crect%20width%3D%27300%27%20height%3D%27300%27%20fill-opacity%3D%220%22%2F%3E%3C%2Fsvg%3E\" data-orig-src=\"\/sustainabledevelopment\/wp-content\/uploads\/2018\/07\/Youth-1-300x300.png\" alt=\"\" width=\"300\" height=\"300\" \/><\/a><\/p>\n<h2><strong>L&rsquo;ONU et la jeunesse<\/strong><\/h2>\n<p>S&rsquo;appuyant sur ses capacit\u00e9s d&rsquo;organisation au niveau mondial, l&rsquo;ONU est particuli\u00e8rement bien plac\u00e9e pour agir en tant que source de protection et de soutien pour les jeunes, et en tant que plateforme permettant de r\u00e9pondre \u00e0 leurs besoins, d&rsquo;amplifier leur voix et de faire progresser leur engagement.<\/p>\n<p>L&rsquo;ONU embrasse pleinement la diversit\u00e9 des jeunes sous toutes ses formes. Par cons\u00e9quent, l&rsquo;ONU emploie et pr\u00e9conise des m\u00e9thodes et des approches refl\u00e9tant cette diversit\u00e9 pour s\u2019assurer que tous les jeunes disposent des capacit\u00e9s pour atteindre leur plein engagement, leur autonomisation et leur d\u00e9veloppement. L&rsquo;ONU reconna\u00eet les jeunes en tant que d\u00e9tenteurs de droits et promeut et facilite la transparence, la responsabilit\u00e9 et la r\u00e9activit\u00e9 des \u00c9tats, des organismes internationaux et autres envers les jeunes.<\/p>\n<h2>L\u2019Envoy\u00e9e du Secr\u00e9taire g\u00e9n\u00e9ral pour la jeunesse<\/h2>\n<p>Mme Jayathma Wickramanayake a \u00e9t\u00e9 nomm\u00e9e <a href=\"https:\/\/www.un.org\/youthenvoy\/fr\/\">Envoy\u00e9e du Secr\u00e9taire g\u00e9n\u00e9ral des Nations Unies<\/a> pour la jeunesse en juin 2017. En tant que d\u00e9fenseur mondial de la jeunesse, elle s\u2019efforce d\u2019assurer la participation des jeunes aux questions qui leur tiennent \u00e0 c\u0153ur, en leur donnant une voix \u00e0 l\u2019ONU et dans le monde entier. En se faisant d\u00e9fenseur des objectifs de d\u00e9veloppement durable, elle rapproche \u00e9galement le travail de l\u2019ONU des jeunes du monde entier.<\/p>\n<h3>Les jeunes leaders pour les objectifs de d\u00e9veloppement durable<\/h3>\n<p>En septembre 2016, la premi\u00e8re promotion de 17 jeunes leaders a \u00e9t\u00e9 port\u00e9e sur les fonts baptismaux. Issus d\u2019horizons, de secteurs et de r\u00e9gions divers, les jeunes leaders sont s\u00e9lectionn\u00e9s en fonction de leurs efforts pour mettre fin \u00e0 la pauvret\u00e9, lutter contre les changements climatiques et r\u00e9duire les in\u00e9galit\u00e9s.<\/p>\n<p>Ils travaillent avec l\u2019Envoy\u00e9e pour la jeunesse afin d\u2019impliquer les jeunes dans la mise en \u0153uvre des objectifs de d\u00e9veloppement durable, de d\u00e9fendre leurs r\u00e9alisations et de contribuer \u00e0 un groupe des experts soutenant les efforts de plaidoyer de l\u2019ONU pour mobiliser les jeunes. Une nouvelle promotion de jeunes leaders a \u00e9t\u00e9 lanc\u00e9e en septembre 2018, lors de l\u2019Assembl\u00e9e g\u00e9n\u00e9rale des Nations Unies.<\/p>\n<h2>R\u00f4les des jeunes dans la r\u00e9alisation des objectifs de d\u00e9veloppement durable<\/h2>\n<ol>\n<li><strong>Esprits critiques\u00a0:<\/strong> Une partie de la jeunesse consiste \u00e0 donner un sens \u00e0 des exp\u00e9riences personnelles et \u00e0 poser des questions sur le monde qui nous entoure. Les jeunes ont la capacit\u00e9 d\u2019identifier et de remettre en question les structures de pouvoir existantes et les obstacles au changement, et d\u2019exposer les contradictions et les pr\u00e9jug\u00e9s.<\/li>\n<li><strong>Acteurs du changement\u00a0:<\/strong> Les jeunes ont aussi le pouvoir d\u2019agir et de mobiliser les autres. L\u2019activisme des jeunes est en hausse dans le monde entier, soutenu par une connectivit\u00e9 plus large et l\u2019acc\u00e8s aux r\u00e9seaux sociaux.<\/li>\n<li><strong>Innovateurs\u00a0:<\/strong> En plus d\u2019apporter de nouveaux points de vue, les jeunes ont souvent une connaissance directe des questions qui ne sont pas accessibles aux adultes. Les jeunes comprennent mieux les probl\u00e8mes auxquels ils sont confront\u00e9s et peuvent offrir de nouvelles id\u00e9es et des solutions de rechange.<\/li>\n<li><strong>Communicateurs\u00a0:<\/strong> En dehors du secteur du d\u00e9veloppement international, peu de gens savent que les dirigeants du monde sont parvenus \u00e0 un accord historique d\u2019une grande port\u00e9e pour am\u00e9liorer la plan\u00e8te et la vie de ses habitants \u00e0 l\u2019horizon\u00a02030. Les jeunes peuvent \u00eatre des partenaires dans la communication du programme de d\u00e9veloppement \u00e0 leurs pairs et aux communaut\u00e9s au niveau local, ainsi qu\u2019\u00e0 travers les pays et les r\u00e9gions.<\/li>\n<li><strong>Chefs de file\u00a0:<\/strong> Lorsque les jeunes sont autonomis\u00e9s gr\u00e2ce \u00e0 la connaissance de leurs droits et dot\u00e9s de comp\u00e9tences pour jouer un r\u00f4le de premier plan, ils peuvent conduire le changement dans leurs communaut\u00e9s et leurs pays. Les organisations et r\u00e9seaux dirig\u00e9s par des jeunes, en particulier, devraient \u00eatre soutenus et renforc\u00e9s, car ils contribuent au d\u00e9veloppement des comp\u00e9tences n\u00e9cessaire au r\u00f4le d\u2019impulsion civique chez les jeunes, en particulier ceux qui sont marginalis\u00e9s.<\/li>\n<\/ol>\n<h2><strong>Campagnes pour les jeunes<\/strong><\/h2>\n<ul>\n<li><a href=\"http:\/\/un.org\/sustainabledevelopment\/fr\/bethechange\">Incarnez le changement<\/a><\/li>\n<li><a href=\"http:\/\/littlexlittle.com\">LittlexLittle<\/a><\/li>\n<li><a href=\"http:\/\/www.nottooyoungtorun.org\/\">Not too Young to Run<\/a><\/li>\n<\/ul>\n<h2><strong>Ressources pour les jeunes<\/strong><\/h2>\n<ul>\n<li><a href=\"https:\/\/www.un.org\/sustainabledevelopment\/fr\/takeaction\/\">Guide des paresseux pour sauver la plan\u00e8te\u00a0<\/a><\/li>\n<li><a href=\"http:\/\/sdgsinaction.com\">Application ODD en action<\/a><\/li>\n<li><a href=\"http:\/\/worldslargestlesson.globalgoals.org\/\">La plus grande le\u00e7on du monde<\/a><\/li>\n<\/ul>\n<\/div><div class=\"fusion-clearfix\"><\/div><\/div><\/div><\/div><\/div><div class=\"fusion-fullwidth fullwidth-box fusion-builder-row-2 nonhundred-percent-fullwidth non-hundred-percent-height-scrolling\" style=\"--awb-border-radius-top-left:0px;--awb-border-radius-top-right:0px;--awb-border-radius-bottom-right:0px;--awb-border-radius-bottom-left:0px;--awb-flex-wrap:wrap;\" ><div class=\"fusion-builder-row fusion-row\"><div class=\"fusion-layout-column fusion_builder_column fusion-builder-column-1 fusion_builder_column_1_1 1_1 fusion-one-full fusion-column-first fusion-column-last\" style=\"--awb-bg-size:cover;\"><div class=\"fusion-column-wrapper fusion-column-has-shadow fusion-flex-column-wrapper-legacy\"><div class=\"fusion-sep-clear\"><\/div><div class=\"fusion-separator fusion-full-width-sep\" style=\"margin-left: auto;margin-right: auto;width:100%;\"><div class=\"fusion-separator-border sep-single sep-solid\" style=\"--awb-height:20px;--awb-amount:20px;border-color:#00adef;border-top-width:3px;\"><\/div><\/div><div class=\"fusion-sep-clear\"><\/div><div class=\"fusion-clearfix\"><\/div><\/div><\/div><\/div><\/div><div class=\"fusion-fullwidth fullwidth-box fusion-builder-row-3 nonhundred-percent-fullwidth non-hundred-percent-height-scrolling\" style=\"--awb-border-radius-top-left:0px;--awb-border-radius-top-right:0px;--awb-border-radius-bottom-right:0px;--awb-border-radius-bottom-left:0px;--awb-flex-wrap:wrap;\" ><div class=\"fusion-builder-row fusion-row\"><div class=\"fusion-layout-column fusion_builder_column fusion-builder-column-2 fusion_builder_column_1_1 1_1 fusion-one-full fusion-column-first fusion-column-last\" style=\"--awb-bg-size:cover;\"><div class=\"fusion-column-wrapper fusion-column-has-shadow fusion-flex-column-wrapper-legacy\"><div class=\"fusion-video fusion-youtube fusion-aligncenter\" style=\"--awb-max-width:600px;--awb-max-height:360px;--awb-width:100%;\"><div class=\"video-shortcode\"><div class=\"fluid-width-video-wrapper\" style=\"padding-top:60%;\" ><iframe title=\"YouTube video player 1\" src=\"https:\/\/www.youtube.com\/embed\/mIbtpcojgkA?wmode=transparent&autoplay=0&amp;rel=0\" width=\"600\" height=\"360\" allowfullscreen allow=\"autoplay; clipboard-write; encrypted-media; gyroscope; picture-in-picture;\"><\/iframe><\/div><\/div><\/div><div class=\"fusion-clearfix\"><\/div><\/div><\/div><\/div><\/div><\/p>\n","protected":false},"excerpt":{"rendered":"","protected":false},"author":136,"featured_media":9524,"parent":0,"menu_order":0,"comment_status":"closed","ping_status":"closed","template":"","meta":{"_et_pb_use_builder":"","_et_pb_old_content":"","_et_gb_content_width":"","footnotes":""},"class_list":["post-9081","page","type-page","status-publish","has-post-thumbnail","hentry"],"_links":{"self":[{"href":"https:\/\/www.un.org\/sustainabledevelopment\/fr\/wp-json\/wp\/v2\/pages\/9081","targetHints":{"allow":["GET"]}}],"collection":[{"href":"https:\/\/www.un.org\/sustainabledevelopment\/fr\/wp-json\/wp\/v2\/pages"}],"about":[{"href":"https:\/\/www.un.org\/sustainabledevelopment\/fr\/wp-json\/wp\/v2\/types\/page"}],"author":[{"embeddable":true,"href":"https:\/\/www.un.org\/sustainabledevelopment\/fr\/wp-json\/wp\/v2\/users\/136"}],"replies":[{"embeddable":true,"href":"https:\/\/www.un.org\/sustainabledevelopment\/fr\/wp-json\/wp\/v2\/comments?post=9081"}],"version-history":[{"count":0,"href":"https:\/\/www.un.org\/sustainabledevelopment\/fr\/wp-json\/wp\/v2\/pages\/9081\/revisions"}],"wp:featuredmedia":[{"embeddable":true,"href":"https:\/\/www.un.org\/sustainabledevelopment\/fr\/wp-json\/wp\/v2\/media\/9524"}],"wp:attachment":[{"href":"https:\/\/www.un.org\/sustainabledevelopment\/fr\/wp-json\/wp\/v2\/media?parent=9081"}],"curies":[{"name":"wp","href":"https:\/\/api.w.org\/{rel}","templated":true}]}}