  {"id":311555,"date":"2025-09-22T14:08:55","date_gmt":"2025-09-22T18:08:55","guid":{"rendered":"https:\/\/www.un.org\/unispal\/?post_type=document&#038;p=311555"},"modified":"2025-09-25T14:09:36","modified_gmt":"2025-09-25T18:09:36","slug":"senegal-statement-22sep25","status":"publish","type":"document","link":"https:\/\/www.un.org\/unispal\/document\/senegal-statement-22sep25\/","title":{"rendered":"D\u00e9claration du S\u00e9n\u00e9gal: Intervention du Pr\u00e9sident de la R\u00e9publique \u00e0 la conf\u00e9rence sur la question palestinienne et la solution \u00e0 deux Etats"},"content":{"rendered":"<p>&nbsp;<\/p>\n<p>22 September 2025<\/p>\n<p><em>Seul le prononc\u00e9 fait foi<\/em><\/p>\n<p>Messieurs les co-Pr\u00e9sidents,<\/p>\n<p>Chers coll\u00e8gues,<\/p>\n<p>Monsieur le secr\u00e9taire g\u00e9n\u00e9ral des Nations Unies,<\/p>\n<p>Mesdames et Messieurs,<\/p>\n<p>Je salue le leadership de la France et de l\u2019Arabie Saoudite, ainsi que l\u2019engagement de tous ici pr\u00e9sents pour la cause palestinienne.<\/p>\n<p>Cette conf\u00e9rence se tient, au moment o\u00f9 la conscience universelle est profond\u00e9ment boulevers\u00e9e par la situation insoutenable \u00e0 Gaza ; une situation qui a d\u00e9pass\u00e9 toutes les limites.<\/p>\n<p>Nous assistons \u00e0 une trag\u00e9die indescriptible, aux allures d\u2019un nettoyage ethnique.<\/p>\n<p>Devant tant d\u2019inhumanit\u00e9, se taire, ne pas agir n\u2019est pas une option. Ce serait m\u00eame une complicit\u00e9 passive.<\/p>\n<p>Nous sommes l\u00e0 pour rappeler le sens des principes fondateurs des Nations Unies : la souverainet\u00e9 des peuples, l\u2019\u00e9galit\u00e9 des droits, la paix par la justice, le respect du droit international et la protection des populations civiles en temps de guerre ; autant de valeurs aujourd\u2019hui an\u00e9anties dans les d\u00e9combres de Gaza.<\/p>\n<p>Le S\u00e9n\u00e9gal r\u00e9affirme son engagement constant pour une solution \u00e0 deux \u00c9tats, palestinien et isra\u00e9lien, vivant c\u00f4te \u00e0 c\u00f4te, chacun \u00e0 l\u2019int\u00e9rieur de fronti\u00e8res s\u00fbres et internationalement reconnues.<\/p>\n<p>C\u2019est ce que veut le plan de partage d\u00e9cid\u00e9 par les Nations unies.<\/p>\n<p>C\u2019est aussi une exigence de paix et de s\u00e9curit\u00e9 pour les peuples des deux pays ; une exigence de justice et d\u2019humanit\u00e9.<\/p>\n<p>C\u2019est pourquoi, le S\u00e9n\u00e9gal soutient la d\u00e9claration finale de notre rencontre pr\u00e9par\u00e9e par la conf\u00e9rence minist\u00e9rielle de juillet dernier \u00e0 laquelle mon pays avait co-pr\u00e9sid\u00e9 la table ronde sur le respect du droit international.<\/p>\n<p>Pour faire la diff\u00e9rence, nous devons ensemble envoyer un message clair : l\u2019occupation doit cesser ; la souffrance des civils doit cesser ; il faut travailler \u00e0 un cessez le feu imm\u00e9diat;Isra\u00ebl doit arr\u00eater ses bombardements etautoriser l\u2019acheminement de l\u2019aide humanitaire par l\u2019UNRWA ; l\u2019ONU doit envisager le d\u00e9ploiement d\u2019une mission de stabilisation et d\u2019observation pour s\u2019assurer de l\u2019arr\u00eat des actes ill\u00e9gaux d\u2019Isra\u00ebl ; Bref, la promesse de deux \u00c9tats doit \u00eatre enfin tenue.<\/p>\n<p>A ce propos, je salue le r\u00e9cent vote massif \u00e0 l\u2019AG ONU de la r\u00e9solution pour une solution pacifique \u00e0 deux Etats.<\/p>\n<p>Le S\u00e9n\u00e9gal salue aussi la d\u00e9cision historique des pays ayant d\u00e9cid\u00e9 de reconnaitreaujourd\u2019hui l\u2019Etat de Palestine.<\/p>\n<p>Pr\u00e9sident du Comit\u00e9 pour l\u2019exercice des droits inali\u00e9nables du peuple palestinien, le S\u00e9n\u00e9gal continuera de s\u2019associer \u00e0 toute initiative visant \u00e0 favoriser le retour d\u2019une paix durable en terre palestinienne.<\/p>\n<p>J\u2019en appelle \u00e0 la conscience universelle. Il ne s\u2019agit pas ici de choisir un camp contre un autre, mais de d\u00e9fendre la vie, de faire entendre la voix de la raison et du droit, et de pr\u00e9server ce qui fait notre humanit\u00e9 commune : la capacit\u00e9 d\u2019empathie, de justice et de solidarit\u00e9.<\/p>\n<p>Il est temps de prendre des mesures concr\u00e8tes pour la cr\u00e9ation d\u2019un Etat palestinien viable.<\/p>\n<p>&nbsp;<\/p>\n<p><em>Related items:\u00a0<\/em><\/p>\n<ul>\n<li><a href=\"https:\/\/www.un.org\/unispal\/high-level-conference-two-state-solution-july2025\/\" target=\"_blank\" rel=\"noopener\">High-level International Conference for the Peaceful Settlement of the Question of Palestine and the Implementation of the Two-State Solution \u2013 Question of Palestine<\/a><\/li>\n<li><a href=\"https:\/\/www.un.org\/unispal\/document\/un-high-level-international-conference-new-york-declaration-29jul2025\/\" target=\"_blank\" rel=\"noopener\">New York Declaration on the Peaceful Settlement of the Question of Palestine and the Implementation of the Two-State solution \u2013 UN High-Level International Conference [AR, EN, FR, ES, RU, CH] \u2013 Question of Palestine<\/a><\/li>\n<li><a href=\"https:\/\/www.un.org\/unispal\/document\/annex-new-york-declaration-06aug25\/\" target=\"_blank\" rel=\"noopener\">Annex \u2013 New York Declaration on the Peaceful Settlement of the Question of Palestine and the Implementation of the Two-State Solution (A\/CONF.243\/2025\/1\/Add.1) \u2013 Question of Palestine<\/a><\/li>\n<\/ul>\n","protected":false},"excerpt":{"rendered":"<p>&nbsp; 22 September 2025 Seul le prononc\u00e9 fait foi Messieurs les co-Pr\u00e9sidents, Chers coll\u00e8gues, Monsieur le secr\u00e9taire g\u00e9n\u00e9ral des Nations Unies, Mesdames et Messieurs, Je salue le leadership de la France et de l\u2019Arabie Saoudite, ainsi que l\u2019engagement de tous ici pr\u00e9sents pour la cause palestinienne. Cette conf\u00e9rence se tient, au moment o\u00f9 la conscience <a href=\"https:\/\/www.un.org\/unispal\/document\/senegal-statement-22sep25\/\"> [&#8230;]<\/a><\/p>\n","protected":false},"author":299,"featured_media":0,"parent":0,"template":"","meta":{"footnotes":""},"country":[1101],"document-category":[2433,2637,2773,1338],"document-source":[],"committee-meeting":[],"document-subject":[1769,2005,1749,6771],"entity":[1985],"document-language":[6541],"class_list":["post-311555","document","type-document","status-publish","hentry","country-senegal","document-category-french-text","document-category-remarks","document-category-speech","document-category-statement","document-subject-armed-conflict","document-subject-gaza-strip","document-subject-palestine-question","document-subject-two-state-solution","entity-state","document-language-french"],"_links":{"self":[{"href":"https:\/\/www.un.org\/unispal\/wp-json\/wp\/v2\/document\/311555","targetHints":{"allow":["GET"]}}],"collection":[{"href":"https:\/\/www.un.org\/unispal\/wp-json\/wp\/v2\/document"}],"about":[{"href":"https:\/\/www.un.org\/unispal\/wp-json\/wp\/v2\/types\/document"}],"author":[{"embeddable":true,"href":"https:\/\/www.un.org\/unispal\/wp-json\/wp\/v2\/users\/299"}],"version-history":[{"count":3,"href":"https:\/\/www.un.org\/unispal\/wp-json\/wp\/v2\/document\/311555\/revisions"}],"predecessor-version":[{"id":311751,"href":"https:\/\/www.un.org\/unispal\/wp-json\/wp\/v2\/document\/311555\/revisions\/311751"}],"wp:attachment":[{"href":"https:\/\/www.un.org\/unispal\/wp-json\/wp\/v2\/media?parent=311555"}],"wp:term":[{"taxonomy":"country","embeddable":true,"href":"https:\/\/www.un.org\/unispal\/wp-json\/wp\/v2\/country?post=311555"},{"taxonomy":"document-category","embeddable":true,"href":"https:\/\/www.un.org\/unispal\/wp-json\/wp\/v2\/document-category?post=311555"},{"taxonomy":"document-source","embeddable":true,"href":"https:\/\/www.un.org\/unispal\/wp-json\/wp\/v2\/document-source?post=311555"},{"taxonomy":"committee-meeting","embeddable":true,"href":"https:\/\/www.un.org\/unispal\/wp-json\/wp\/v2\/committee-meeting?post=311555"},{"taxonomy":"document-subject","embeddable":true,"href":"https:\/\/www.un.org\/unispal\/wp-json\/wp\/v2\/document-subject?post=311555"},{"taxonomy":"entity","embeddable":true,"href":"https:\/\/www.un.org\/unispal\/wp-json\/wp\/v2\/entity?post=311555"},{"taxonomy":"document-language","embeddable":true,"href":"https:\/\/www.un.org\/unispal\/wp-json\/wp\/v2\/document-language?post=311555"}],"curies":[{"name":"wp","href":"https:\/\/api.w.org\/{rel}","templated":true}]}}